{"id":42,"date":"2021-03-19T21:52:51","date_gmt":"2021-03-19T21:52:51","guid":{"rendered":"http:\/\/www.ruralis.org\/?page_id=42"},"modified":"2025-08-08T07:47:26","modified_gmt":"2025-08-08T07:47:26","slug":"organization","status":"publish","type":"page","link":"http:\/\/www.ruralis.org\/en\/organization\/","title":{"rendered":"Organization"},"content":{"rendered":"<div class=\"wp-block-columns is-layout-flex wp-container-core-columns-is-layout-9d6595d7 wp-block-columns-is-layout-flex\">\n<div class=\"wp-block-column is-layout-flow wp-block-column-is-layout-flow\">\n<p><strong>Mesa de Assembleia Geral <\/strong><br><br><a href=\"https:\/\/www.pharmaciadaservas.pt\/\" data-type=\"link\" data-id=\"https:\/\/www.pharmaciadaservas.pt\/\">Pamela Sousa<\/a> ~ Presidente <br><a href=\"https:\/\/www.linkedin.com\/in\/narciso-antunes\/\" data-type=\"link\" data-id=\"https:\/\/www.linkedin.com\/in\/narciso-antunes\/\">Narciso Antunes<\/a> ~ Vogal <br><a href=\"https:\/\/www.quintadasabelhas.com\/\" data-type=\"link\" data-id=\"https:\/\/www.quintadasabelhas.com\/\">Deborah Richmond<\/a> ~ Vogal <br><\/p>\n\n\n\n<p><em>Identifica\u00e7\u00e3o de pessoa<\/em> c<em>oletiva: <strong>516137212<\/strong><\/em><br><br><\/p>\n<\/div>\n\n\n\n<div class=\"wp-block-column is-layout-flow wp-block-column-is-layout-flow\">\n<p><strong>Dire\u00e7\u00e3o <\/strong><\/p>\n\n\n\n<p><a href=\"https:\/\/freyavandien.wordpress.com\/\" data-type=\"link\" data-id=\"https:\/\/freyavandien.wordpress.com\/\">Freya van Dien<\/a> ~ Presidente <br><a href=\"https:\/\/www.amorluso.pt\/\" data-type=\"link\" data-id=\"https:\/\/www.amorluso.pt\/\">Vitor Rodrigues<\/a> ~ Secretario <br><a href=\"https:\/\/www.instagram.com\/tatagranel\/\" data-type=\"link\" data-id=\"https:\/\/www.instagram.com\/tatagranel\/\">Daniela Pedrosa<\/a> ~ Tesoureira<\/p>\n<\/div>\n\n\n\n<div class=\"wp-block-column is-layout-flow wp-block-column-is-layout-flow\">\n<p><strong>Conselho Fiscal <\/strong><\/p>\n\n\n\n<p>Elisabete Silva ~ Presidente <br><a href=\"https:\/\/www.instagram.com\/greenjane.pt\/\" data-type=\"link\" data-id=\"https:\/\/www.instagram.com\/greenjane.pt\/\">Jane Sousa<\/a> ~ Vogal <br><a href=\"https:\/\/www.instagram.com\/quintadarminho\/\" data-type=\"link\" data-id=\"https:\/\/www.instagram.com\/quintadarminho\/\">Raquel Silva<\/a> ~ Vogal<\/p>\n\n\n\n<p><strong>Suplentes<\/strong><\/p>\n\n\n\n<p>Marisa Louren\u00e7o<br><a href=\"https:\/\/www.lusitiny.com\/\" data-type=\"link\" data-id=\"https:\/\/www.lusitiny.com\/\">Carolina Marques<\/a><br><a href=\"https:\/\/www.superuse-studios.com\/\" data-type=\"link\" data-id=\"https:\/\/www.superuse-studios.com\/\">Jan Jongert<\/a><br><a href=\"https:\/\/alettadejong.com\/\" data-type=\"link\" data-id=\"https:\/\/alettadejong.com\/\">Aletta de Jong<\/a><br><\/p>\n<\/div>\n<\/div>\n\n\n\n<h2 class=\"wp-block-heading has-text-align-center\">&#8211; <strong><a href=\"http:\/\/www.ruralis.org\/index.php\/estatutos\/\">Estatutos<\/a> e <a href=\"http:\/\/www.ruralis.org\/index.php\/regulamento-interno\/\">Regulamento Interno<\/a><\/strong> &#8211;<\/h2>\n\n\n\n<p><\/p>\n\n\n\n<div class=\"wp-block-columns is-layout-flex wp-container-core-columns-is-layout-9d6595d7 wp-block-columns-is-layout-flex\">\n<div class=\"wp-block-column is-layout-flow wp-block-column-is-layout-flow\">\n<figure class=\"wp-block-image size-full\"><img loading=\"lazy\" decoding=\"async\" width=\"400\" height=\"286\" src=\"http:\/\/www.ruralis.org\/wp-content\/uploads\/2021\/04\/Contact-1.jpg\" alt=\"\" class=\"wp-image-100\" srcset=\"http:\/\/www.ruralis.org\/wp-content\/uploads\/2021\/04\/Contact-1.jpg 400w, http:\/\/www.ruralis.org\/wp-content\/uploads\/2021\/04\/Contact-1-300x215.jpg 300w\" sizes=\"auto, (max-width: 400px) 100vw, 400px\" \/><\/figure>\n<\/div>\n\n\n\n<div class=\"wp-block-column is-layout-flow wp-block-column-is-layout-flow\">\n<figure class=\"wp-block-image size-large\"><img loading=\"lazy\" decoding=\"async\" width=\"1024\" height=\"875\" src=\"http:\/\/www.ruralis.org\/wp-content\/uploads\/2023\/03\/FoundingMeeting-1024x875.jpg\" alt=\"\" class=\"wp-image-529\" srcset=\"http:\/\/www.ruralis.org\/wp-content\/uploads\/2023\/03\/FoundingMeeting-1024x875.jpg 1024w, http:\/\/www.ruralis.org\/wp-content\/uploads\/2023\/03\/FoundingMeeting-300x256.jpg 300w, http:\/\/www.ruralis.org\/wp-content\/uploads\/2023\/03\/FoundingMeeting-768x656.jpg 768w, http:\/\/www.ruralis.org\/wp-content\/uploads\/2023\/03\/FoundingMeeting-14x12.jpg 14w, http:\/\/www.ruralis.org\/wp-content\/uploads\/2023\/03\/FoundingMeeting.jpg 1053w\" sizes=\"auto, (max-width: 1024px) 100vw, 1024px\" \/><\/figure>\n<\/div>\n<\/div>\n\n\n\n<div class=\"wp-block-columns is-layout-flex wp-container-core-columns-is-layout-9d6595d7 wp-block-columns-is-layout-flex\">\n<div class=\"wp-block-column is-layout-flow wp-block-column-is-layout-flow\" style=\"flex-basis:100%\">\n<h2 class=\"wp-block-heading has-text-align-center\"><\/h2>\n<\/div>\n<\/div>\n\n\n\n<p><\/p>","protected":false},"excerpt":{"rendered":"<p>Mesa de Assembleia Geral Pamela Sousa ~ Presidente Narciso Antunes ~ Vogal Deborah Richmond ~ Vogal Identifica\u00e7\u00e3o de pessoa coletiva: 516137212 Dire\u00e7\u00e3o Freya van Dien ~ Presidente Vitor Rodrigues ~&hellip;<\/p>","protected":false},"author":2,"featured_media":0,"parent":0,"menu_order":0,"comment_status":"closed","ping_status":"closed","template":"","meta":{"footnotes":""},"class_list":["post-42","page","type-page","status-publish","hentry"],"_links":{"self":[{"href":"http:\/\/www.ruralis.org\/en\/wp-json\/wp\/v2\/pages\/42","targetHints":{"allow":["GET"]}}],"collection":[{"href":"http:\/\/www.ruralis.org\/en\/wp-json\/wp\/v2\/pages"}],"about":[{"href":"http:\/\/www.ruralis.org\/en\/wp-json\/wp\/v2\/types\/page"}],"author":[{"embeddable":true,"href":"http:\/\/www.ruralis.org\/en\/wp-json\/wp\/v2\/users\/2"}],"replies":[{"embeddable":true,"href":"http:\/\/www.ruralis.org\/en\/wp-json\/wp\/v2\/comments?post=42"}],"version-history":[{"count":0,"href":"http:\/\/www.ruralis.org\/en\/wp-json\/wp\/v2\/pages\/42\/revisions"}],"wp:attachment":[{"href":"http:\/\/www.ruralis.org\/en\/wp-json\/wp\/v2\/media?parent=42"}],"curies":[{"name":"wp","href":"https:\/\/api.w.org\/{rel}","templated":true}]}}